{"id":4251,"date":"2016-07-14T14:20:21","date_gmt":"2016-07-14T12:20:21","guid":{"rendered":"https:\/\/www.maigut-fotografie.de\/koeln-fotograf\/?page_id=4251"},"modified":"2020-05-04T14:19:03","modified_gmt":"2020-05-04T12:19:03","slug":"impressum","status":"publish","type":"page","link":"https:\/\/www.maigut-fotografie.de\/koeln-fotograf\/impressum\/","title":{"rendered":"Impressum"},"content":{"rendered":"<div  class=\"tatsu-fqeplg8786drw0tk tatsu-section    tatsu-clearfix\" data-title=\"\"  data-headerscheme=\"background--dark\"><div class='tatsu-section-pad clearfix' data-padding='{\"d\":\"90px 0% 90px 0%\"}' data-padding-top='90px'><div class=\"tatsu-row-wrap  tatsu-wrap tatsu-row-one-col tatsu-row-has-one-cols tatsu-medium-gutter tatsu-reg-cols  tatsu-clearfix tatsu-fqeplg879ecbbbqy\" ><div  class=\"tatsu-row \" ><div  class=\"tatsu-column  tatsu-column-no-bg tatsu-one-col tatsu-column-image-none tatsu-column-effect-none  tatsu-fqeplg879z39kz0v\"  data-parallax-speed=\"0\" style=\"\"><div class=\"tatsu-column-inner \" ><div class=\"tatsu-column-pad-wrap\"><div class=\"tatsu-column-pad\" ><div  class=\"special-subtitle-wrap  tatsu-fqeplg87b1fdl16  \"  ><div class=\"align-center\"><span class=\"special-subtitle\" >Impressum von www.maigut-fotografie.de<\/span><\/div><style>.tatsu-fqeplg87b1fdl16 .special-subtitle{font-size: 28px;color: #af9f66 ;width: 100%;}.tatsu-fqeplg87b1fdl16.special-subtitle-wrap{margin-bottom: 30px;}<\/style><\/div><\/div><\/div><div class = \"tatsu-column-bg-image-wrap\"><div class = \"tatsu-column-bg-image tatsu-bg-lazyload\" data-src = \"\"><\/div><\/div><\/div><style>.tatsu-row > .tatsu-fqeplg879z39kz0v.tatsu-column{width: 100%;}.tatsu-fqeplg879z39kz0v.tatsu-column > .tatsu-column-inner > .tatsu-column-overlay{mix-blend-mode: none;}.tatsu-fqeplg879z39kz0v > .tatsu-column-inner > .tatsu-top-divider{z-index: 9999;}.tatsu-fqeplg879z39kz0v > .tatsu-column-inner > .tatsu-bottom-divider{z-index: 9999;}.tatsu-fqeplg879z39kz0v > .tatsu-column-inner > .tatsu-left-divider{z-index: 9999;}.tatsu-fqeplg879z39kz0v > .tatsu-column-inner > .tatsu-right-divider{z-index: 9999;}<\/style><\/div><\/div><\/div><div class=\"tatsu-row-wrap  tatsu-wrap tatsu-row-has-one-half tatsu-row-has-two-cols tatsu-medium-gutter tatsu-reg-cols  tatsu-clearfix tatsu-fqeplg87i1ennik6\" ><div  class=\"tatsu-row \" ><div  class=\"tatsu-column  tatsu-column-no-bg tatsu-one-half tatsu-column-image-none tatsu-column-effect-none  tatsu-fqeplg87im8byc5l\"  data-parallax-speed=\"0\" style=\"\"><div class=\"tatsu-column-inner \" ><div class=\"tatsu-column-pad-wrap\"><div class=\"tatsu-column-pad\" ><div  class=\"tatsu-module tatsu-text-block-wrap tatsu-fqeplg87jl6frc2q  \"><div class=\"tatsu-text-inner tatsu-align-center  clearfix\" ><style>.tatsu-fqeplg87jl6frc2q.tatsu-text-block-wrap .tatsu-text-inner{text-align: left;}<\/style>\n<p><strong>Anbieter:<\/strong><br \/>\nKarin &amp; Tobias Maigut<br \/>\nMaigut Fotografie \/\/&nbsp;Maigut Media Engineering<\/p>\n<p>Gutenbergstr. 35 (Hof)<br \/>\n50823 K\u00f6ln<br \/>\nBundesrepublik Deutschland<\/p>\n<p><strong>Verantwortlich i. S. d. MDStV:<\/strong><br \/>\nKarin und Tobias Maigut<\/p>\n<p>tel.: 0172 &#8211; 86 51 806\u202c \/ &nbsp;0173 264 87 53<\/p>\n<p>e-mail: mail[at]maigut-fotografie.de<\/p>\n<p>Alle Rechte vorbehalten. Jegliche Vervielf\u00e4ltigung oder Weiterverbreitung in jedem Medium als Ganzes oder in Teilen bedarf der schriftlichen Zustimmung von Karin oder Tobias Maigut.<\/p>\n<p><strong>Angaben gem\u00e4\u00df \u00a7 5 TMG<\/strong><\/p>\n<p>Tobias Maigut<br \/>\ntel.: +49 173 264 87 53<br \/>\ne-mail: contact@maigut-media.de<\/p>\n<p><strong>Vertreten durch: <\/strong><\/p>\n<p>Tobias Maigut &nbsp;&#8211; Maigut Media<br \/>\nTel.: +49 173 264 87 53<br \/>\nE-mail: contact@maigut-media.de<\/p>\n<p><strong>Umsatzsteuer-ID:<\/strong><\/p>\n<p>Umsatzsteuer-Identifikationsnummer gem\u00e4\u00df \u00a727a Umsatzsteuergesetz: DE272310427<\/p>\n<p><strong>Betriebshaftpflichtversicherung:<\/strong><\/p>\n<p>Rhion Versicherung Aktiengesellschaft<br \/>\nRheinlandplatz 1<br \/>\n41460 Neuss<br \/>\nUnsere Versichertennummer erhalten Sie auf Anfrage.<\/p>\n<p><strong>Website Design und Umsetzung:<\/strong><br \/>\n<a href=\"http:\/\/www.maigut-media.de\" target=\"_blank\" rel=\"noopener noreferrer\">www.maigut-media.de<\/a><\/p>\n<p><strong>Streitschlichtung<\/strong><br \/>\nWir sind nicht bereit oder verpflichtet, an Streitbeilegungsverfahren vor einer Verbraucherschlichtungsstelle teilzunehmen.<\/p>\n<p><strong>Haftung f\u00fcr Inhalte<\/strong><\/p>\n<p>Die Inhalte unserer Seiten wurden mit gr\u00f6\u00dfter Sorgfalt erstellt. F\u00fcr die Richtigkeit, Vollst\u00e4ndigkeit und Aktualit\u00e4t der Inhalte k\u00f6nnen wir jedoch keine Gew\u00e4hr \u00fcbernehmen. Als Diensteanbieter sind wir gem\u00e4\u00df \u00a7 7 Abs.1 TMG f\u00fcr eigene Inhalte auf diesen Seiten nach den allgemeinen Gesetzen verantwortlich. Nach \u00a7\u00a7 8 bis 10 TMG sind wir als Diensteanbieter jedoch nicht verpflichtet, \u00fcbermittelte oder gespeicherte fremde Informationen zu \u00fcberwachen oder nach Umst\u00e4nden zu forschen, die auf eine rechtswidrige T\u00e4tigkeit hinweisen. Verpflichtungen zur Entfernung oder Sperrung der Nutzung von Informationen nach den allgemeinen Gesetzen bleiben hiervon unber\u00fchrt. Eine diesbez\u00fcgliche Haftung ist jedoch erst ab dem Zeitpunkt der Kenntnis einer konkreten Rechtsverletzung m\u00f6glich. Bei Bekanntwerden von entsprechenden Rechtsverletzungen werden wir diese Inhalte umgehend entfernen.<\/p>\n<\/div><\/div><\/div><\/div><div class = \"tatsu-column-bg-image-wrap\"><div class = \"tatsu-column-bg-image tatsu-bg-lazyload\" data-src = \"\"><\/div><\/div><\/div><style>.tatsu-row > .tatsu-fqeplg87im8byc5l.tatsu-column{width: 50%;}.tatsu-fqeplg87im8byc5l.tatsu-column > .tatsu-column-inner > .tatsu-column-overlay{mix-blend-mode: none;}.tatsu-fqeplg87im8byc5l > .tatsu-column-inner > .tatsu-top-divider{z-index: 9999;}.tatsu-fqeplg87im8byc5l > .tatsu-column-inner > .tatsu-bottom-divider{z-index: 9999;}.tatsu-fqeplg87im8byc5l > .tatsu-column-inner > .tatsu-left-divider{z-index: 9999;}.tatsu-fqeplg87im8byc5l > .tatsu-column-inner > .tatsu-right-divider{z-index: 9999;}@media only screen and (max-width: 767px) {.tatsu-row > .tatsu-fqeplg87im8byc5l.tatsu-column{width: 100%;}}<\/style><\/div><div  class=\"tatsu-column  tatsu-column-no-bg tatsu-one-half tatsu-column-image-none tatsu-column-effect-none  tatsu-fqeplg87ohdfhirs\"  data-parallax-speed=\"0\" style=\"\"><div class=\"tatsu-column-inner \" ><div class=\"tatsu-column-pad-wrap\"><div class=\"tatsu-column-pad\" ><div  class=\"tatsu-module tatsu-text-block-wrap tatsu-fqeplg87pf8goo7b  \"><div class=\"tatsu-text-inner tatsu-align-center  clearfix\" ><style>.tatsu-fqeplg87pf8goo7b.tatsu-text-block-wrap .tatsu-text-inner{text-align: left;}<\/style>\n<p><strong>Keine Abmahnung ohne vorherigen Kontakt<\/strong><\/p>\n<p>Sollte irgendwelcher Inhalt, Gestaltungselement oder Foto einzelner Seiten oder Teile dieser Internetseite fremde Rechte Dritter, Pers\u00f6nlichkeitsrechte oder gesetzliche Bestimmungen verletzen oder anderweitig in irgendeiner Form Wettbewerbsrechtliche Probleme hervorbringen, so bitten wir unter Berufung auf \u00a7 8 Abs. 4 UWG, um eine angemessene, ausreichend erl\u00e4uternde und schnelle Nachricht ohne Kostennote.<\/p>\n<p>Wir&nbsp;garantieren, dass die zu Recht beanstandeten Passagen oder Teile dieser Webseiten in angemessener Frist entfernt bzw. den rechtlichen Vorgaben umf\u00e4nglich angepasst werden, ohne dass von Ihrer Seite die Einschaltung eines Rechtsbeistandes erforderlich ist. Die Einschaltung eines Anwaltes, zur f\u00fcr den uns kostenpflichtigen Abmahnung, entspricht nicht dessen wirklichen oder mutma\u00dflichen Willen und w\u00fcrde damit einen Verstoss gegen \u00a7 13 Abs. 5 UWG, wegen der Verfolgung sachfremder Ziele als beherrschendes Motiv der Verfahrenseinleitung, insbesondere einer Kostenerzielungsabsicht als eigentliche Triebfeder, sowie einen Versto\u00df gegen die Schadensminderungspflicht darstellen.<\/p>\n<p>Es besteht keine Haftung f\u00fcr die Vereinbarkeit der Inhalte dieser Seiten mit den rechtlichen Bestimmungen au\u00dferhalb der Bundesrepublik Deutschland.<\/p>\n<p><strong>Haftung f\u00fcr Links<\/strong><\/p>\n<p>Unser Angebot enth\u00e4lt Links zu externen Webseiten Dritter, auf deren Inhalte wir keinen Einfluss haben. Deshalb k\u00f6nnen wir f\u00fcr diese fremden Inhalte auch keine Gew\u00e4hr \u00fcbernehmen. F\u00fcr die Inhalte der verlinkten Seiten ist stets der jeweilige Anbieter oder Betreiber der Seiten verantwortlich. Die verlinkten Seiten wurden zum Zeitpunkt der Verlinkung auf m\u00f6gliche Rechtsverst\u00f6\u00dfe \u00fcberpr\u00fcft. Rechtswidrige Inhalte waren zum Zeitpunkt der Verlinkung nicht erkennbar. Eine permanente inhaltliche Kontrolle der verlinkten Seiten ist jedoch ohne konkrete Anhaltspunkte einer Rechtsverletzung nicht zumutbar. Bei Bekanntwerden von Rechtsverletzungen werden wir derartige Links umgehend entfernen.<\/p>\n<p><strong>Urheberrecht<\/strong><\/p>\n<p>Die durch die Seitenbetreiber erstellten Inhalte und Werke auf diesen Seiten unterliegen dem deutschen Urheberrecht. Die Vervielf\u00e4ltigung, Bearbeitung, Verbreitung und jede Art der Verwertung au\u00dferhalb der Grenzen des Urheberrechtes bed\u00fcrfen der schriftlichen Zustimmung des jeweiligen Autors bzw. Erstellers. Downloads und Kopien dieser Seite sind nur f\u00fcr den privaten, nicht kommerziellen Gebrauch gestattet. Soweit die Inhalte auf dieser Seite nicht vom Betreiber erstellt wurden, werden die Urheberrechte Dritter beachtet. Insbesondere werden Inhalte Dritter als solche gekennzeichnet. Sollten Sie trotzdem auf eine Urheberrechtsverletzung aufmerksam werden, bitten wir um einen entsprechenden Hinweis. Bei Bekanntwerden von Rechtsverletzungen werden wir derartige Inhalte umgehend entfernen.<\/p>\n<div id=\"link\">Website Impressum von <a href=\"http:\/\/www.impressum-generator.de\/\" target=\"_blank\" rel=\"noopener\">impressum-generator.de<\/a><\/div>\n<\/div><\/div><\/div><\/div><div class = \"tatsu-column-bg-image-wrap\"><div class = \"tatsu-column-bg-image tatsu-bg-lazyload\" data-src = \"\"><\/div><\/div><\/div><style>.tatsu-row > .tatsu-fqeplg87ohdfhirs.tatsu-column{width: 50%;}.tatsu-fqeplg87ohdfhirs.tatsu-column > .tatsu-column-inner > .tatsu-column-overlay{mix-blend-mode: none;}.tatsu-fqeplg87ohdfhirs > .tatsu-column-inner > .tatsu-top-divider{z-index: 9999;}.tatsu-fqeplg87ohdfhirs > .tatsu-column-inner > .tatsu-bottom-divider{z-index: 9999;}.tatsu-fqeplg87ohdfhirs > .tatsu-column-inner > .tatsu-left-divider{z-index: 9999;}.tatsu-fqeplg87ohdfhirs > .tatsu-column-inner > .tatsu-right-divider{z-index: 9999;}@media only screen and (max-width: 767px) {.tatsu-row > .tatsu-fqeplg87ohdfhirs.tatsu-column{width: 100%;}}<\/style><\/div><\/div><\/div><\/div><div class=\"tatsu-section-background-wrap\"><div class = \"tatsu-section-background tatsu-bg-lazyload\" data-src = \"\"><\/div><\/div><style>.tatsu-fqeplg8786drw0tk .tatsu-section-pad{padding: 90px 0% 90px 0%;}.tatsu-fqeplg8786drw0tk > .tatsu-bottom-divider{z-index: 9999;}.tatsu-fqeplg8786drw0tk > .tatsu-top-divider{z-index: 9999;}<\/style><\/div><div  class=\"tatsu-fqeplg87uedo3neh tatsu-section    tatsu-clearfix\" data-title=\"\"  data-headerscheme=\"background--light\"><div class='tatsu-section-pad clearfix' data-padding='{\"d\":\"20px 0% 20px 0%\"}' data-padding-top='20px'><div class=\"tatsu-row-wrap  tatsu-wrap tatsu-row-one-col tatsu-row-has-one-cols tatsu-medium-gutter tatsu-reg-cols  tatsu-clearfix tatsu-fqeplg87v6bt15q4\" ><div  class=\"tatsu-row \" ><div  class=\"tatsu-column  tatsu-column-no-bg tatsu-one-col tatsu-column-image-none tatsu-column-effect-none  tatsu-fqeplg87vo17xfi7\"  data-parallax-speed=\"0\" style=\"\"><div class=\"tatsu-column-inner \" ><div class=\"tatsu-column-pad-wrap\"><div class=\"tatsu-column-pad\" ><div  class=\"tatsu-module tatsu-call-to-action tatsu-clearfix  tatsu-fqeplg87wlefups2  \" ><div class=\"tatsu-cta-inner\"><h5 class=\"tatsu-action-content\" >Fragen oder Anregungen? Wir freuen uns auf Deine<\/h5><a class=\"mediumbtn tatsu-button rounded tatsu-action-button   \" href=\"\/koeln-fotograf\/kontakt\/\" data-gdpr-atts={} ><span>Nachricht.<\/span><\/a><style>.tatsu-fqeplg87wlefups2.tatsu-call-to-action{background-color: #af9f66;}.tatsu-fqeplg87wlefups2 .tatsu-action-content{color: #ffffff ;}.tatsu-fqeplg87wlefups2 .tatsu-action-button:hover{background: #000000;border-color: #000000; }.tatsu-fqeplg87wlefups2 .tatsu-action-button span{color: #ffffff ;}.tatsu-fqeplg87wlefups2 .tatsu-action-button:hover span{color: #ffffff ;}.tatsu-fqeplg87wlefups2 .tatsu-action-button{border-width: 2px;border-color: #ffffff; }<\/style><\/div><\/div><\/div><\/div><div class = \"tatsu-column-bg-image-wrap\"><div class = \"tatsu-column-bg-image tatsu-bg-lazyload\" data-src = \"\"><\/div><\/div><\/div><style>.tatsu-row > .tatsu-fqeplg87vo17xfi7.tatsu-column{width: 100%;}.tatsu-fqeplg87vo17xfi7.tatsu-column > .tatsu-column-inner > .tatsu-column-overlay{mix-blend-mode: none;}.tatsu-fqeplg87vo17xfi7 > .tatsu-column-inner > .tatsu-top-divider{z-index: 9999;}.tatsu-fqeplg87vo17xfi7 > .tatsu-column-inner > .tatsu-bottom-divider{z-index: 9999;}.tatsu-fqeplg87vo17xfi7 > .tatsu-column-inner > .tatsu-left-divider{z-index: 9999;}.tatsu-fqeplg87vo17xfi7 > .tatsu-column-inner > .tatsu-right-divider{z-index: 9999;}<\/style><\/div><\/div><\/div><\/div><div class=\"tatsu-section-background-wrap\"><div class = \"tatsu-section-background tatsu-bg-lazyload\" data-src = \"\"><\/div><\/div><style>.tatsu-fqeplg87uedo3neh.tatsu-section{background-color: #af9f66;}.tatsu-fqeplg87uedo3neh{border-width: 0px 0px px 0px;border-style: solid;}.tatsu-fqeplg87uedo3neh .tatsu-section-pad{padding: 20px 0% 20px 0%;}.tatsu-fqeplg87uedo3neh > .tatsu-bottom-divider{z-index: 9999;}.tatsu-fqeplg87uedo3neh > .tatsu-top-divider{z-index: 9999;}<\/style><\/div>\n","protected":false},"excerpt":{"rendered":"<p><a href=\"https:\/\/www.maigut-fotografie.de\/koeln-fotograf\/impressum\/\" class=\"more-link style3-button\">Weiterlesen<\/a><\/p>","protected":false},"author":1,"featured_media":0,"parent":0,"menu_order":0,"comment_status":"closed","ping_status":"closed","template":"","meta":{"_acf_changed":false,"iawp_total_views":314,"footnotes":""},"class_list":["post-4251","page","type-page","status-publish","hentry"],"acf":[],"_links":{"self":[{"href":"https:\/\/www.maigut-fotografie.de\/koeln-fotograf\/wp-json\/wp\/v2\/pages\/4251","targetHints":{"allow":["GET"]}}],"collection":[{"href":"https:\/\/www.maigut-fotografie.de\/koeln-fotograf\/wp-json\/wp\/v2\/pages"}],"about":[{"href":"https:\/\/www.maigut-fotografie.de\/koeln-fotograf\/wp-json\/wp\/v2\/types\/page"}],"author":[{"embeddable":true,"href":"https:\/\/www.maigut-fotografie.de\/koeln-fotograf\/wp-json\/wp\/v2\/users\/1"}],"replies":[{"embeddable":true,"href":"https:\/\/www.maigut-fotografie.de\/koeln-fotograf\/wp-json\/wp\/v2\/comments?post=4251"}],"version-history":[{"count":0,"href":"https:\/\/www.maigut-fotografie.de\/koeln-fotograf\/wp-json\/wp\/v2\/pages\/4251\/revisions"}],"wp:attachment":[{"href":"https:\/\/www.maigut-fotografie.de\/koeln-fotograf\/wp-json\/wp\/v2\/media?parent=4251"}],"curies":[{"name":"wp","href":"https:\/\/api.w.org\/{rel}","templated":true}]}}